{"id":19,"date":"2021-08-02T22:16:14","date_gmt":"2021-08-02T20:16:14","guid":{"rendered":"https:\/\/www.patrimoineglane.ch\/?page_id=19"},"modified":"2026-08-05T18:03:37","modified_gmt":"2026-08-05T16:03:37","slug":"19-2","status":"publish","type":"page","link":"https:\/\/www.patrimoineglane.ch\/","title":{"rendered":"Patrimoine Gl\u00e2ne"},"content":{"rendered":"\n<p class=\"has-text-align-center has-accent-color has-text-color wp-block-paragraph\"><strong>Association \u00e0 but non lucratif pour la promotion et la sauvegarde du patrimoine gl\u00e2nois<\/strong><\/p>\n\n\n\n<figure class=\"wp-block-pullquote\"><blockquote><p><em>Notre patrimoine a de la valeur ! <\/em><\/p><\/blockquote><\/figure>\n\n\n\n<p class=\"wp-block-paragraph\">Patrimoine Gl\u00e2ne souhaite rendre attentif aux tr\u00e9sors que cache notre district, et \u0153uvrer \u00e0 leur sauvegarde.<\/p>\n\n\n\n<p class=\"wp-block-paragraph\">La jeune association se r\u00e9jouit d&rsquo;accueillir de nouveaux adh\u00e9rents. Vos id\u00e9es et votre soutien sont les bienvenus ! <\/p>\n\n\n\n<p class=\"has-text-align-center wp-block-paragraph\">* * * * * *<\/p>\n\n\n\n<p class=\"wp-block-paragraph\">La derni\u00e8re <strong><strong><span style=\"background-color:rgba(0, 0, 0, 0)\" class=\"has-inline-color has-accent-color\">assembl\u00e9e g\u00e9n\u00e9rale<\/span><\/strong><\/strong> a eu lieu le samedi <strong><span style=\"background-color:rgba(0, 0, 0, 0)\" class=\"has-inline-color has-accent-color\">30 ao\u00fbt <\/span><\/strong><span style=\"background-color:rgba(0, 0, 0, 0)\" class=\"has-inline-color has-accent-color\"><strong>2025 \u00e0 9h30<\/strong><\/span> \u00e0 l&rsquo;Abbaye de la Fille-Dieu \u00e0 Romont.<\/p>\n\n\n\n<p class=\"wp-block-paragraph\">A la suite de la partie statutaire, les <strong>travaux de restauration <\/strong>en cours du b\u00e2timent de l&rsquo;H\u00f4tellerie du d\u00e9but du XVIIe si\u00e8cle<strong> de l&rsquo;Abbaye de la Fille-Dieu<\/strong> ont \u00e9t\u00e9 pr\u00e9sent\u00e9s.<\/p>\n\n\n\n<p class=\"wp-block-paragraph\">Apr\u00e8s l&rsquo;accueil par M\u00e8re Abbesse et par Jacqueline Bourqui, pr\u00e9sidente de la Commission de b\u00e2tisse de l&rsquo;Association des Amis de la Fille-Dieu, Tomas Mikulas, architecte responsable des travaux, Olivier Guyot, restaurateur d&rsquo;art et J\u00e9r\u00e9my Birbaum, tailleur de pierre, ont pr\u00e9sent\u00e9 ce projet passionnant, en pr\u00e9sence des collaborateurs du Service des biens culturels Blaise Roulin et Nicolas Chenut, responsables du suivi du chantier.<\/p>\n\n\n\n<p class=\"wp-block-paragraph\">La visite a \u00e9t\u00e9 suivie d\u2019un moment d&rsquo;\u00e9changes et d&rsquo;amiti\u00e9 lors d&rsquo;un <strong>ap\u00e9ritif<\/strong>.<\/p>\n\n\n\n<figure class=\"wp-block-image size-large\"><img loading=\"lazy\" decoding=\"async\" width=\"1024\" height=\"768\" src=\"https:\/\/www.patrimoineglane.ch\/wp-content\/uploads\/2025\/08\/IMG_6137-copie-5-1024x768.jpeg\" alt=\"\" class=\"wp-image-467\" srcset=\"https:\/\/www.patrimoineglane.ch\/wp-content\/uploads\/2025\/08\/IMG_6137-copie-5-1024x768.jpeg 1024w, https:\/\/www.patrimoineglane.ch\/wp-content\/uploads\/2025\/08\/IMG_6137-copie-5-300x225.jpeg 300w, https:\/\/www.patrimoineglane.ch\/wp-content\/uploads\/2025\/08\/IMG_6137-copie-5.jpeg 1701w\" sizes=\"auto, (max-width: 1024px) 100vw, 1024px\" \/><\/figure>\n\n\n\n<p class=\"wp-block-paragraph\">                                                  * * * * * * *<\/p>\n\n\n\n<p class=\"wp-block-paragraph\">Vous trouvez ci-dessous le proc\u00e8s verbal de l&rsquo;<a href=\"https:\/\/www.patrimoineglane.ch\/?page_id=28\">assembl\u00e9e g\u00e9n\u00e9rale<\/a> qui a eu lieu le samedi 31 ao\u00fbt <strong>2024<\/strong><span style=\"background-color:rgba(0, 0, 0, 0)\" class=\"has-inline-color has-accent-color\"> <\/span>\u00e0 Ch\u00e2tonnaye.<\/p>\n\n\n\n<p class=\"wp-block-paragraph\">                                                * * * * * * * * <br>La date de l&rsquo;assembl\u00e9e g\u00e9n\u00e9rale de 2026 sera communiqu\u00e9e prochainement.<\/p>\n\n\n\n<p class=\"has-text-align-center wp-block-paragraph\">* * * * * *<\/p>\n\n\n\n<div data-wp-interactive=\"core\/file\" class=\"wp-block-file\"><object data-wp-bind--hidden=\"!state.hasPdfPreview\" hidden class=\"wp-block-file__embed\" data=\"https:\/\/www.patrimoineglane.ch\/wp-content\/uploads\/2025\/08\/PV-AG_20240831_provisoire-4.pdf\" type=\"application\/pdf\" style=\"width:100%;height:600px\" aria-label=\"Contenu embarqu\u00e9 Proc\u00e8s verbal de l&apos;assembl\u00e9e g\u00e9n\u00e9rale du 31.08.2024.\"><\/object><a id=\"wp-block-file--media-76a8c50d-286b-40f9-a832-f08d334f17e0\" href=\"https:\/\/www.patrimoineglane.ch\/wp-content\/uploads\/2025\/08\/PV-AG_20240831_provisoire-4.pdf\">Proc\u00e8s verbal de l&rsquo;assembl\u00e9e g\u00e9n\u00e9rale du 31.08.2024<\/a><a href=\"https:\/\/www.patrimoineglane.ch\/wp-content\/uploads\/2025\/08\/PV-AG_20240831_provisoire-4.pdf\" class=\"wp-block-file__button wp-element-button\" download aria-describedby=\"wp-block-file--media-76a8c50d-286b-40f9-a832-f08d334f17e0\">T\u00e9l\u00e9charger<\/a><\/div>\n\n\n\n<p class=\"wp-block-paragraph\"><\/p>\n","protected":false},"excerpt":{"rendered":"<p>Association \u00e0 but non lucratif pour la promotion et la sauvegarde du patrimoine gl\u00e2nois Notre patrimoine a de la valeur ! Patrimoine Gl\u00e2ne souhaite rendre attentif aux tr\u00e9sors que cache notre district, et \u0153uvrer \u00e0 leur sauvegarde. La jeune association se r\u00e9jouit d&rsquo;accueillir de nouveaux adh\u00e9rents. Vos id\u00e9es et votre soutien sont les bienvenus ! [&hellip;]<\/p>\n","protected":false},"author":1,"featured_media":0,"parent":0,"menu_order":0,"comment_status":"closed","ping_status":"closed","template":"","meta":{"footnotes":""},"class_list":["post-19","page","type-page","status-publish","hentry"],"_links":{"self":[{"href":"https:\/\/www.patrimoineglane.ch\/index.php?rest_route=\/wp\/v2\/pages\/19","targetHints":{"allow":["GET"]}}],"collection":[{"href":"https:\/\/www.patrimoineglane.ch\/index.php?rest_route=\/wp\/v2\/pages"}],"about":[{"href":"https:\/\/www.patrimoineglane.ch\/index.php?rest_route=\/wp\/v2\/types\/page"}],"author":[{"embeddable":true,"href":"https:\/\/www.patrimoineglane.ch\/index.php?rest_route=\/wp\/v2\/users\/1"}],"replies":[{"embeddable":true,"href":"https:\/\/www.patrimoineglane.ch\/index.php?rest_route=%2Fwp%2Fv2%2Fcomments&post=19"}],"version-history":[{"count":56,"href":"https:\/\/www.patrimoineglane.ch\/index.php?rest_route=\/wp\/v2\/pages\/19\/revisions"}],"predecessor-version":[{"id":474,"href":"https:\/\/www.patrimoineglane.ch\/index.php?rest_route=\/wp\/v2\/pages\/19\/revisions\/474"}],"wp:attachment":[{"href":"https:\/\/www.patrimoineglane.ch\/index.php?rest_route=%2Fwp%2Fv2%2Fmedia&parent=19"}],"curies":[{"name":"wp","href":"https:\/\/api.w.org\/{rel}","templated":true}]}}